{"id":2667,"date":"2025-02-04T15:03:33","date_gmt":"2025-02-04T14:03:33","guid":{"rendered":"https:\/\/iatf-france.fr\/a-propos-de-iatf-france\/"},"modified":"2026-02-19T14:22:04","modified_gmt":"2026-02-19T13:22:04","slug":"a-propos-de-iatf-france","status":"publish","type":"page","link":"https:\/\/www.iatf-france.fr\/es\/a-propos-de-iatf-france\/","title":{"rendered":"Sobre IATF France"},"content":{"rendered":"<section class=\"mb-md-5  bandeau-secondaire  \">\n    <div class=\"visuel\">\n        <img decoding=\"async\" src=\"https:\/\/www.iatf-france.fr\/wp-content\/uploads\/2025\/02\/AdobeStock_821203705.webp\" alt=\"\">\n    <\/div>\n    <div class=\"content content-center\">\n        <div class=\"fil-ariane\">\n            <p id=\"breadcrumbs\"><span><span><a href=\"https:\/\/www.iatf-france.fr\/es\/\">Bienvenido<\/a><\/span><\/span><\/p>        <\/div>\n        <h1>Sobre IATF France<\/h1>\n    <\/div>\n    <\/section>\n\n<section class=\"  bandeau-trois\">\n    <div class=\"container\">\n        <div class=\"adherents\">\n            <div class=\"bloc-titre\">\n                <div class=\"preambule\">Miembros y partners<\/div>\n                <h2 class=\"titre moyen\">Miembros con <span style=\"color: #258AA7\">derecho a voto<\/span><\/h2>\n            <\/div>\n            <div class=\"contents\">\n                <div class=\"row\">\n                                            <div class=\"col-md-3 col-sm-6 col-12\">\n                            <div class=\"custom-card\">\n                                <div class=\"image\">\n                                                                            <a href=\"https:\/\/www.fiev.fr\/\" target=\"_blank\" rel=\"noopener noreferrer\">\n                                            <img decoding=\"async\" src=\"https:\/\/www.iatf-france.fr\/wp-content\/uploads\/2025\/11\/FIEV_logo.png\" alt=\"\" \/>\n                                        <\/a>\n                                                                    <\/div>\n                                <div class=\"content\">\n                                    <div class=\"d-flex\">\n                                        <div class=\"titre\">FIEV<\/div>\n                                                                                    <a href=\"#\" class=\"button-svg btn-modal-organisme\"\n                                                data-logo=\"https:\/\/www.iatf-france.fr\/wp-content\/uploads\/2025\/11\/FIEV_logo.png\"\n                                                data-alt=\"\"\n                                                data-titre=\"FIEV\"\n                                                data-texte=\"&lt;p&gt;La FIEV es la asociaci\u00f3n profesional francesa que representa a m\u00e1s de 130 grupos y 300 empresas proveedoras de equipos, componentes, software, repuestos, herramientas de taller, servicios y soluciones para la movilidad.&lt;\/p&gt;\n&lt;p&gt;Trabaja para promover una movilidad sostenible, innovadora y accesible, al tiempo que defiende los intereses de sus miembros.&lt;\/p&gt;\n&lt;p&gt;Se esfuerza por promover soluciones respetuosas con el medio ambiente que abarquen todo el ciclo de vida de los productos y servicios relacionados con la industria automovil\u00edstica.&lt;\/p&gt;\n\">\n                                                <svg xmlns=\"http:\/\/www.w3.org\/2000\/svg\" width=\"23.333\" height=\"23.333\" viewBox=\"0 0 23.333 23.333\">\n                                                    <g id=\"Groupe_163591\" data-name=\"Groupe 163591\" transform=\"translate(-519 -1104.485)\">\n                                                        <line id=\"Ligne_358\" data-name=\"Ligne 358\" y2=\"23.333\" transform=\"translate(531.043 1104.485)\" fill=\"none\" stroke=\"#258aa7\" stroke-width=\"3\" \/>\n                                                        <line id=\"Ligne_359\" data-name=\"Ligne 359\" y2=\"23.333\" transform=\"translate(542.333 1115.776) rotate(90)\" fill=\"none\" stroke=\"#258aa7\" stroke-width=\"3\" \/>\n                                                    <\/g>\n                                                <\/svg>\n                                            <\/a>\n                                                                            <\/div>\n                                <\/div>\n                            <\/div>\n                        <\/div>\n                                            <div class=\"col-md-3 col-sm-6 col-12\">\n                            <div class=\"custom-card\">\n                                <div class=\"image\">\n                                                                            <a href=\"https:\/\/www.renaultgroup.com\/\" target=\"_blank\" rel=\"noopener noreferrer\">\n                                            <img decoding=\"async\" src=\"https:\/\/www.iatf-france.fr\/wp-content\/uploads\/2025\/11\/Logo-Renault-group.png\" alt=\"\" \/>\n                                        <\/a>\n                                                                    <\/div>\n                                <div class=\"content\">\n                                    <div class=\"d-flex\">\n                                        <div class=\"titre\">Renault Group<\/div>\n                                                                                    <a href=\"#\" class=\"button-svg btn-modal-organisme\"\n                                                data-logo=\"https:\/\/www.iatf-france.fr\/wp-content\/uploads\/2025\/11\/Logo-Renault-group.png\"\n                                                data-alt=\"\"\n                                                data-titre=\"Renault Group\"\n                                                data-texte=\"&lt;p&gt;Renault Group est\u00e1 a la vanguardia de una movilidad que se reinventa. El Grupo conf\u00eda en la complementariedad de sus tres marcas de autom\u00f3viles \u2013 Renault, Dacia, Alpine \u2013 y de su financiera cautiva \u2013 Mobilize Financial Services \u2013 para ofrecer soluciones de movilidad sostenibles e innovadoras a sus clientes. Establecido en m\u00e1s de 100 pa\u00edses, el Grupo ha vendido m\u00e1s de 2,337 millones de veh\u00edculos en 2025. Re\u00fane a m\u00e1s de 100.000 empleados que encarnan cada d\u00eda su Prop\u00f3sito, para que la movilidad nos acerque unos a otros.&lt;\/p&gt;\n&lt;p&gt;Listo para asumir desaf\u00edos tanto en la carretera como en la competici\u00f3n, el Grupo est\u00e1 comprometido en una transformaci\u00f3n ambiciosa y generadora de valor. Esta est\u00e1 enfocada al desarrollo de nuevas tecnolog\u00edas y servicios, una nueva gama de veh\u00edculos a\u00fan m\u00e1s competitiva, equilibrada y electrificada. En l\u00ednea con las cuestiones medioambientales, Renault Group aspira a alcanzar la neutralidad de carbono en Europa de aqu\u00ed a 2040 y en todo el mundo de aqu\u00ed a 2050.&lt;\/p&gt;\n\">\n                                                <svg xmlns=\"http:\/\/www.w3.org\/2000\/svg\" width=\"23.333\" height=\"23.333\" viewBox=\"0 0 23.333 23.333\">\n                                                    <g id=\"Groupe_163591\" data-name=\"Groupe 163591\" transform=\"translate(-519 -1104.485)\">\n                                                        <line id=\"Ligne_358\" data-name=\"Ligne 358\" y2=\"23.333\" transform=\"translate(531.043 1104.485)\" fill=\"none\" stroke=\"#258aa7\" stroke-width=\"3\" \/>\n                                                        <line id=\"Ligne_359\" data-name=\"Ligne 359\" y2=\"23.333\" transform=\"translate(542.333 1115.776) rotate(90)\" fill=\"none\" stroke=\"#258aa7\" stroke-width=\"3\" \/>\n                                                    <\/g>\n                                                <\/svg>\n                                            <\/a>\n                                                                            <\/div>\n                                <\/div>\n                            <\/div>\n                        <\/div>\n                                            <div class=\"col-md-3 col-sm-6 col-12\">\n                            <div class=\"custom-card\">\n                                <div class=\"image\">\n                                                                            <a href=\"https:\/\/www.stellantis.com\/fr\" target=\"_blank\" rel=\"noopener noreferrer\">\n                                            <img decoding=\"async\" src=\"https:\/\/www.iatf-france.fr\/wp-content\/uploads\/2025\/11\/Stellantis.png\" alt=\"\" \/>\n                                        <\/a>\n                                                                    <\/div>\n                                <div class=\"content\">\n                                    <div class=\"d-flex\">\n                                        <div class=\"titre\">Stellantis<\/div>\n                                                                            <\/div>\n                                <\/div>\n                            <\/div>\n                        <\/div>\n                                            <div class=\"col-md-3 col-sm-6 col-12\">\n                            <div class=\"custom-card\">\n                                <div class=\"image\">\n                                                                            <a href=\"https:\/\/www.volvogroup.com\/en\/\" target=\"_blank\" rel=\"noopener noreferrer\">\n                                            <img decoding=\"async\" src=\"https:\/\/www.iatf-france.fr\/wp-content\/uploads\/2025\/11\/Logo-Volvo.png\" alt=\"\" \/>\n                                        <\/a>\n                                                                    <\/div>\n                                <div class=\"content\">\n                                    <div class=\"d-flex\">\n                                        <div class=\"titre\">Volvo Group<\/div>\n                                                                                    <a href=\"#\" class=\"button-svg btn-modal-organisme\"\n                                                data-logo=\"https:\/\/www.iatf-france.fr\/wp-content\/uploads\/2025\/11\/Logo-Volvo.png\"\n                                                data-alt=\"\"\n                                                data-titre=\"Volvo Group\"\n                                                data-texte=\"&lt;p&gt;Aproximadamente 102 000 empleados a finales de 2024. 14 marcas. Cerca de 180 mercados.&lt;\/p&gt;\n&lt;p&gt;Centros de producci\u00f3n en 17 pa\u00edses. Camiones, autobuses, equipos de construcci\u00f3n, as\u00ed como motores marinos e industriales. Soluciones completas de financiaci\u00f3n y servicios. Eso es lo que somos.&lt;\/p&gt;\n&lt;p&gt;La cartera de marcas del Grupo Volvo se compone de marcas diferenciadas que se dirigen a diferentes clientes, segmentos de productos, partes interesadas y mercados. Cada una de ellas desempe\u00f1a un papel importante y respalda la visi\u00f3n del Grupo Volvo: convertirse en el proveedor de soluciones de transporte e infraestructura m\u00e1s apreciado y eficaz del mundo.&lt;\/p&gt;\n&lt;p&gt;Nuestras marcas de camiones, autobuses y autocares incluyen: &lt;strong&gt;VOLVO, RENAULT TRUCKS, MACK, PREVOST, NOVABUS.&lt;\/strong&gt;&lt;\/p&gt;\n\">\n                                                <svg xmlns=\"http:\/\/www.w3.org\/2000\/svg\" width=\"23.333\" height=\"23.333\" viewBox=\"0 0 23.333 23.333\">\n                                                    <g id=\"Groupe_163591\" data-name=\"Groupe 163591\" transform=\"translate(-519 -1104.485)\">\n                                                        <line id=\"Ligne_358\" data-name=\"Ligne 358\" y2=\"23.333\" transform=\"translate(531.043 1104.485)\" fill=\"none\" stroke=\"#258aa7\" stroke-width=\"3\" \/>\n                                                        <line id=\"Ligne_359\" data-name=\"Ligne 359\" y2=\"23.333\" transform=\"translate(542.333 1115.776) rotate(90)\" fill=\"none\" stroke=\"#258aa7\" stroke-width=\"3\" \/>\n                                                    <\/g>\n                                                <\/svg>\n                                            <\/a>\n                                                                            <\/div>\n                                <\/div>\n                            <\/div>\n                        <\/div>\n                                    <\/div>\n            <\/div>\n        <\/div>\n        <div class=\"associes\">\n            <div class=\"row\">\n                <div class=\"col-md-3 col-12\">\n                    <div class=\"bloc-titre bloc-titre-2\">\n                        <h2 class=\"titre moyen\">Miembro <span style=\"color: #258AA7\">asociado<\/span><\/h2>\n                    <\/div>\n                    <div class=\"contents\">\n                                                    <div class=\"custom-card\">\n                                <div class=\"image\">\n                                                                            <a href=\"https:\/\/www.sernauto.es\" target=\"_blank\" rel=\"noopener noreferrer\">\n                                            <img decoding=\"async\" src=\"https:\/\/www.iatf-france.fr\/wp-content\/uploads\/2025\/11\/og_img-e1764238984464.png\" alt=\"\" \/>\n                                        <\/a>\n                                                                    <\/div>\n                                <div class=\"content\">\n                                    <div class=\"d-flex\">\n                                        <div class=\"titre\">Sernauto<\/div>\n                                                                                    <a href=\"#\" class=\"button-svg btn-modal-organisme\"\n                                                data-logo=\"https:\/\/www.iatf-france.fr\/wp-content\/uploads\/2025\/11\/og_img-e1764238984464.png\"\n                                                data-alt=\"\"\n                                                data-titre=\"Sernauto\"\n                                                data-texte=\"&lt;p&gt;SERNAUTO es la Asociaci\u00f3n Espa\u00f1ola de Proveedores de Automoci\u00f3n. Fundada en 1967, re\u00fane a m\u00e1s del 85% de la facturaci\u00f3n del sector a trav\u00e9s de sus empresas asociadas. Representa a una industria formada por m\u00e1s de 1.000 empresas que proveen de componentes a las plantas de fabricaci\u00f3n de veh\u00edculos y al mercado de recambios. SERNAUTO es la entidad reconocida por la Administraci\u00f3n como asociaci\u00f3n representativa del sector en Espa\u00f1a, siendo su interlocutor en el di\u00e1logo con las Administraciones P\u00fablicas.&lt;\/p&gt;\n\">\n                                                <svg xmlns=\"http:\/\/www.w3.org\/2000\/svg\" width=\"23.333\" height=\"23.333\" viewBox=\"0 0 23.333 23.333\">\n                                                    <g id=\"Groupe_163591\" data-name=\"Groupe 163591\" transform=\"translate(-519 -1104.485)\">\n                                                        <line id=\"Ligne_358\" data-name=\"Ligne 358\" y2=\"23.333\" transform=\"translate(531.043 1104.485)\" fill=\"none\" stroke=\"#258aa7\" stroke-width=\"3\" \/>\n                                                        <line id=\"Ligne_359\" data-name=\"Ligne 359\" y2=\"23.333\" transform=\"translate(542.333 1115.776) rotate(90)\" fill=\"none\" stroke=\"#258aa7\" stroke-width=\"3\" \/>\n                                                    <\/g>\n                                                <\/svg>\n                                            <\/a>\n                                                                            <\/div>\n                                <\/div>\n                            <\/div>\n                        \n                    <\/div>\n                <\/div>\n                <div class=\"col-md-3 col-12 mt-md-0 mt-5 offset-md-3\">\n                    <div class=\"bloc-titre bloc-titre-1\">\n                        <h2 class=\"titre moyen\">Partner<\/h2>\n                    <\/div>\n                    <div class=\"contents\">\n                                                    <div class=\"custom-card\">\n                                <div class=\"image\">\n                                                                            <a href=\"https:\/\/www.aec.es\" target=\"_blank\" rel=\"noopener noreferrer\">\n                                            <img decoding=\"async\" src=\"https:\/\/www.iatf-france.fr\/wp-content\/uploads\/2025\/11\/AEC-LOGO-e1764238893438.png\" alt=\"\" \/>\n                                        <\/a>\n                                                                    <\/div>\n                                <div class=\"content\">\n                                    <div class=\"d-flex\">\n                                        <div class=\"titre\">AEC<\/div>\n                                                                                    <a href=\"#\" class=\"button-svg btn-modal-organisme\"\n                                                data-logo=\"https:\/\/www.iatf-france.fr\/wp-content\/uploads\/2025\/11\/AEC-LOGO-e1764238893438.png\"\n                                                data-alt=\"\"\n                                                data-titre=\"AEC\"\n                                                data-texte=\"&lt;p&gt;La Asociaci\u00f3n Espa\u00f1ola para la Calidad, AEC, es una entidad privada sin \u00e1nimo de lucro, fundada en 1961, cuya finalidad es impulsar la Calidad como motor del desarrollo de las personas, la competitividad de las organizaciones y la mejora de la sociedad. En la actualidad est\u00e1 compuesta por m\u00e1s de 1.200 socios y cuenta con 19 espacios de relaci\u00f3n entre Comunidades y Comit\u00e9s, donde se promueven y difunden experiencias y buenas pr\u00e1cticas sobre la calidad y otras \u00e1reas de gesti\u00f3n.&lt;\/p&gt;\n\">\n                                                <svg xmlns=\"http:\/\/www.w3.org\/2000\/svg\" width=\"23.333\" height=\"23.333\" viewBox=\"0 0 23.333 23.333\">\n                                                    <g id=\"Groupe_163591\" data-name=\"Groupe 163591\" transform=\"translate(-519 -1104.485)\">\n                                                        <line id=\"Ligne_358\" data-name=\"Ligne 358\" y2=\"23.333\" transform=\"translate(531.043 1104.485)\" fill=\"none\" stroke=\"#258aa7\" stroke-width=\"3\" \/>\n                                                        <line id=\"Ligne_359\" data-name=\"Ligne 359\" y2=\"23.333\" transform=\"translate(542.333 1115.776) rotate(90)\" fill=\"none\" stroke=\"#258aa7\" stroke-width=\"3\" \/>\n                                                    <\/g>\n                                                <\/svg>\n                                            <\/a>\n                                                                            <\/div>\n                                <\/div>\n                                                        <\/div>\n                    <\/div>\n                <\/div>\n            <\/div>\n        <\/div>\n    <\/div>\n\n    <!-- Modal -->\n    <div class=\"modal-organisme\" id=\"modalOrganisme\">\n        <div class=\"modal-overlay\"><\/div>\n        <div class=\"modal-content\">\n            <button class=\"modal-close\">\n                <svg xmlns=\"http:\/\/www.w3.org\/2000\/svg\" width=\"13.06\" height=\"13.06\" viewBox=\"0 0 13.06 13.06\">\n                    <path id=\"Trac\u00e9_103742\" data-name=\"Trac\u00e9 103742\" d=\"M17.47,18.53,22.94,24,24,22.94l-5.47-5.47L24,12l-1.06-1.06-5.47,5.47L12,10.94,10.94,12l5.47,5.47-5.47,5.47L12,24Z\" transform=\"translate(-10.94 -10.94)\" fill-rule=\"evenodd\" \/>\n                <\/svg>\n            <\/button>\n            <div class=\"row justify-content-center\">\n                <div class=\"col-12 col-md-9\">\n                    <div class=\"details\">\n                        <h3 id=\"modalOrganismeTitre\" class=\"d-none\"><\/h3>\n                        <div class=\"image justify-content-start\">\n                            <img decoding=\"async\" src=\"\" alt=\"\" id=\"modalOrganismeLogo\">\n                        <\/div>\n                        <div class=\"texte\" id=\"modalOrganismeTexte\"><\/div>\n                    <\/div>\n                <\/div>\n            <\/div>\n        <\/div>\n    <\/div>\n<\/section>\n\n<script>\n    document.addEventListener('DOMContentLoaded', function() {\n        const modal = document.getElementById('modalOrganisme');\n        const modalLogo = document.getElementById('modalOrganismeLogo');\n        const btnOpenModal = document.querySelectorAll('.btn-modal-organisme');\n        const btnCloseModal = document.querySelector('.modal-organisme .modal-close');\n        const overlay = document.querySelector('.modal-organisme .modal-overlay');\n\n        btnOpenModal.forEach(btn => {\n            btn.addEventListener('click', function(e) {\n                e.preventDefault();\n                const logoUrl = this.getAttribute('data-logo');\n                const logoAlt = this.getAttribute('data-alt');\n                const titre = this.getAttribute('data-titre');\n                const texte = this.getAttribute('data-texte');\n\n                \/\/ Ne rien faire si le texte est vide\n                if (!texte || texte.trim() === '') {\n                    return;\n                }\n\n                modalLogo.src = logoUrl;\n                modalLogo.alt = logoAlt;\n                document.getElementById('modalOrganismeTitre').innerHTML = titre;\n                document.getElementById('modalOrganismeTexte').innerHTML = texte;\n\n                modal.classList.add('active');\n            });\n        });\n\n        function closeModal() {\n            modal.classList.remove('active');\n        }\n\n        if (btnCloseModal) {\n            btnCloseModal.addEventListener('click', closeModal);\n        }\n\n        if (overlay) {\n            overlay.addEventListener('click', closeModal);\n        }\n\n        document.addEventListener('keydown', function(e) {\n            if (e.key === 'Escape' && modal.classList.contains('active')) {\n                closeModal();\n            }\n        });\n    });\n<\/script>\n\n<section id=\"\" class=\"text-image-2 pb-md-5 contenu-simple\" style=\"\">\n    <div class=\"container\">\n         <div class=\"row\">\n<div class=\"col-12 col-lg-6\">\n<div data-aos=\"fade-right\" class=' bloc-titre alignement-gauche'>\n    <div class='preambule' style='color:#313a44'>Sobre<\/div><h2 class='titre moyen' style='color:#000000'>\n        IATF <span style=\"color: #258AA7\">France<\/span>\n    <\/h2><\/div>\n\n<div class='bloc-texte '>\n    <p><strong>IATF France<\/strong>\u00a0es una asociaci\u00f3n sin \u00e1nimo de lucro (Ley 1901) cuyos miembros con derecho a voto son<strong>\u00a0FIEV, Renault Group, Stellantis<\/strong>\u00a0y <strong>Volvo Group<\/strong>, y cuenta con <strong>Sernauto <\/strong>como miembro asociado.<\/p>\n<p>Tambi\u00e9n es miembro de la <strong>AEC<\/strong>, lo que demuestra su compromiso de asociarse con organizaciones que aportan valor a\u00f1adido, experiencia y compromiso con la estrategia de IATF France.<\/p>\n<p>IATF France desempe\u00f1a un papel estrat\u00e9gico en el mantenimiento de la integridad y el desarrollo del esquema IATF, supervisando las operaciones de los organismos de certificaci\u00f3n, coordinando la cualificaci\u00f3n de los auditores, participando en la elaboraci\u00f3n de normas y colaborando activamente con la industria automovil\u00edstica.<\/p>\n<p>Comprometida con la excelencia y la fiabilidad del esquema de certificaci\u00f3n IATF 16949, IATF France vela por que las partes interesadas de la industria automovil\u00edstica puedan tener plena confianza en este esquema de certificaci\u00f3n.<\/p>\n<\/div>\n<\/div> \n\n<div class=\"col-12 col-lg-5 offset-xl-1\">\n<div class='bloc-image '>\n            <img decoding=\"async\" src=\"https:\/\/www.iatf-france.fr\/wp-content\/uploads\/2025\/02\/AdobeStock_820103878.webp\" class=\"img-fluid\" \/>\n    <\/div>\n<\/div> \n<\/div>\n    <\/div>\n<\/section>\n\n<section id=\"\" class=\"pt-md-0 pb-md-5 contenu-simple\" style=\"\">\n    <div class=\"container\">\n         <div class=\"row\">\n<div class=\"col-12 ps-md-0\">\n<div data-aos=\"fade-right\" class=' bloc-titre alignement-gauche'>\n    <h2 class='titre moyen' style='color:#000000'>\n        Espec\u00edficamente, la IATF se ha fijado como <span style=\"color: #258AA7\">pour objetivo<\/span> :\n    <\/h2><\/div>\n<\/div> \n\n<div class=\"col-12\">\n<div class='card-icon-text  '>\n            <div class=\"row\">\n            <div class=\"col-6 col-md-2\">\n                <img decoding=\"async\" src=\"https:\/\/www.iatf-france.fr\/wp-content\/uploads\/2025\/02\/icone-IATF-05-1.webp\" alt=\"\">\n            <\/div>\n            <div class=\"col-6 col-md-3 titre\">\n                <h2>\tSupervisi\u00f3n<\/h2>\n            <\/div>\n            <div class=\"col-12 col-md-7  align-content-center\">\n                <p>IATF France garantiza que los organismos de certificaci\u00f3n cumplan con las reglas del esquema IATF mediante una vigilancia rigurosa, auditor\u00edas peri\u00f3dicas y evaluaciones de desempe\u00f1o exhaustivas. Gestiona reclamaciones, implementa acciones correctivas y coordina sus actividades con las dem\u00e1s oficinas de supervisi\u00f3n para preservar la integridad del esquema.<\/p>\n            <\/div>\n        <\/div>\n            <div class=\"row\">\n            <div class=\"col-6 col-md-2\">\n                <img decoding=\"async\" src=\"https:\/\/www.iatf-france.fr\/wp-content\/uploads\/2025\/02\/icone-IATF-04-1.webp\" alt=\"\">\n            <\/div>\n            <div class=\"col-6 col-md-3 titre\">\n                <h2>\tFormaci\u00f3n<\/h2>\n            <\/div>\n            <div class=\"col-12 col-md-7  align-content-center\">\n                <p>A trav\u00e9s de su equipo de expertos, IATF France desarrolla un programa de formaci\u00f3n estructurado para fortalecer las competencias de los auditores del esquema IATF. En colaboraci\u00f3n con las dem\u00e1s oficinas de supervisi\u00f3n, promueve la mejora continua de los auditores, asegurando evaluaciones precisas y conformes a las exigencias de IATF.<\/p>\n            <\/div>\n        <\/div>\n            <div class=\"row\">\n            <div class=\"col-6 col-md-2\">\n                <img decoding=\"async\" src=\"https:\/\/www.iatf-france.fr\/wp-content\/uploads\/2025\/02\/icone-IATF-02-1.webp\" alt=\"\">\n            <\/div>\n            <div class=\"col-6 col-md-3 titre\">\n                <h2>\tNormalizaci\u00f3n<\/h2>\n            <\/div>\n            <div class=\"col-12 col-md-7  align-content-center\">\n                <p>IATF France participa activamente en el desarrollo y armonizaci\u00f3n de las normas IATF en colaboraci\u00f3n con las dem\u00e1s oficinas de supervisi\u00f3n y los miembros de la IATF.<\/p>\n            <\/div>\n        <\/div>\n            <div class=\"row\">\n            <div class=\"col-6 col-md-2\">\n                <img decoding=\"async\" src=\"https:\/\/www.iatf-france.fr\/wp-content\/uploads\/2025\/02\/icone-IATF_Plan-de-travail-1-1.webp\" alt=\"\">\n            <\/div>\n            <div class=\"col-6 col-md-3 titre\">\n                <h2>Asociaci\u00f3n<\/h2>\n            <\/div>\n            <div class=\"col-12 col-md-7  align-content-center\">\n                <p>IATF France apoya los ecosistemas de automoci\u00f3n en Francia, la pen\u00ednsula ib\u00e9rica, Suecia y la regi\u00f3n mediterr\u00e1nea. Colabora estrechamente con fabricantes y asociaciones nacionales para fomentar la innovaci\u00f3n y fortalecer la representaci\u00f3n de las partes interesadas en el seno de la IATF.<\/p>\n            <\/div>\n        <\/div>\n    <\/div>\n<\/div> \n<\/div>\n    <\/div>\n<\/section>\n\n<section id=\"\" class=\"pb-5 pt-md-5 contenu-simple\" style=\"\">\n    <div class=\"container\">\n         <div class=\"row\">\n<div class=\"col-12 col-md-6\">\n<div data-aos=\"fade-right\" class=' bloc-titre alignement-gauche'>\n    <h2 class='titre moyen' style='color:#000000'>\n        Nuestro <span style=\"color: #258AA7\">equipo<\/span>\n    <\/h2><\/div>\n<\/div> \n\n<div class=\"col-12 col-md-6\">\n<div class='bloc-texte '>\n    <\/div>\n<\/div> \n<\/div>\n    <\/div>\n<\/section>\n\n<section class=\"block-equipe\">\n    <div class=\"container\">\n        <div class=\"row\">\n                            <div class=\"col-md-custom\">\n                    <div class=\"card-membre\">\n                        <div class=\"image\">\n                            <img decoding=\"async\" src=\"https:\/\/www.iatf-france.fr\/wp-content\/uploads\/2025\/12\/1-Liborio-SALEMI-e1764934444655.jpg\" alt=\"\">\n                        <\/div>\n                        <div class=\"info\">\n                            <img decoding=\"async\" class=\"icon\" src=\"https:\/\/www.iatf-france.fr\/wp-content\/uploads\/2025\/11\/Groupe-163612.png\">\n                            <h3 class=\"nom\">Liborio <\/br>SALEMI<\/h3>\n                            <p class=\"poste\"> IATF France Director<\/p>\n                            <a href=\"#\" class=\"btn-modal-membre\"\n                                data-image=\"https:\/\/www.iatf-france.fr\/wp-content\/uploads\/2025\/12\/1-Liborio-SALEMI-e1764934444655.jpg\"\n                                data-alt=\"\"\n                                data-nom=\"Liborio &lt;\/br&gt;SALEMI\"\n                                data-pays=\"https:\/\/www.iatf-france.fr\/wp-content\/uploads\/2025\/11\/Groupe-163612.png\"\n                                data-job=\" IATF France Director\"\n                                data-details=\"\"\n                                data-texte=\"&lt;p style=&quot;text-align: justify;&quot; data-start=&quot;42&quot; data-end=&quot;233&quot;&gt;Liborio Salemi se uni\u00f3 a IATF France en febrero de 2022 como Director, aportando m\u00e1s de veinte a\u00f1os de experiencia en calidad automotriz, liderazgo y supervisi\u00f3n de certificaciones.&lt;\/p&gt;\n&lt;p style=&quot;text-align: justify;&quot; data-start=&quot;235&quot; data-end=&quot;565&quot;&gt;Dirige un equipo internacional y multicultural cuya experiencia combinada respalda la misi\u00f3n de IATF France de garantizar la integridad y la mejora continua del esquema IATF a nivel mundial. Liborio fomenta un entorno colaborativo e inclusivo, donde el intercambio de conocimientos y la confianza impulsan la excelencia.&lt;\/p&gt;\n&lt;p style=&quot;text-align: justify;&quot; data-start=&quot;567&quot; data-end=&quot;841&quot;&gt;Antes de unirse a IATF France, ocup\u00f3 varios cargos de liderazgo en la industria automotriz, adquiriendo s\u00f3lida experiencia en gesti\u00f3n de calidad, desarrollo de proveedores, supervisi\u00f3n y implementaci\u00f3n de sistemas de gesti\u00f3n en entornos industriales complejos.&lt;\/p&gt;\n&lt;p style=&quot;text-align: justify;&quot; data-start=&quot;843&quot; data-end=&quot;1030&quot;&gt;Hablando fluidamente cinco idiomas, valora la cooperaci\u00f3n intercultural y prospera en contextos globales, donde la diversidad de perspectivas fomenta la innovaci\u00f3n y la mejora continua.&lt;\/p&gt;\n&lt;p style=&quot;text-align: justify;&quot; data-start=&quot;1032&quot; data-end=&quot;1318&quot; data-is-last-node=&quot;&quot; data-is-only-node=&quot;&quot;&gt;Con experiencia como formador certificado en normas internacionales de calidad y gesti\u00f3n industrial, Liborio aplica un enfoque educativo y de acompa\u00f1amiento en su liderazgo, reforzando la eficacia y la credibilidad tanto de IATF France como del sistema IATF a nivel mundial.&lt;\/p&gt;\n\">saber m\u00e1s\n\n\n\n\n                            <\/a>\n\n                        <\/div>\n                    <\/div>\n                <\/div>\n                            <div class=\"col-md-custom\">\n                    <div class=\"card-membre\">\n                        <div class=\"image\">\n                            <img decoding=\"async\" src=\"https:\/\/www.iatf-france.fr\/wp-content\/uploads\/2025\/12\/5-Virginie-LE-DEUFF-e1770307498120.jpg\" alt=\"\">\n                        <\/div>\n                        <div class=\"info\">\n                            <img decoding=\"async\" class=\"icon\" src=\"https:\/\/www.iatf-france.fr\/wp-content\/uploads\/2025\/12\/FR-1.png\">\n                            <h3 class=\"nom\">Virginie <\/br>LE-DEUFF<\/h3>\n                            <p class=\"poste\">Administrative and Financial Coordinator<\/p>\n                            <a href=\"#\" class=\"btn-modal-membre\"\n                                data-image=\"https:\/\/www.iatf-france.fr\/wp-content\/uploads\/2025\/12\/5-Virginie-LE-DEUFF-e1770307498120.jpg\"\n                                data-alt=\"\"\n                                data-nom=\"Virginie &lt;\/br&gt;LE-DEUFF\"\n                                data-pays=\"https:\/\/www.iatf-france.fr\/wp-content\/uploads\/2025\/12\/FR-1.png\"\n                                data-job=\"Administrative and Financial Coordinator\"\n                                data-details=\"\"\n                                data-texte=\"&lt;p style=&quot;text-align: justify;&quot;&gt;Virginie LE-DEUFF se incorpor\u00f3 a IATF Francia en mayo de 2021. Supervisa la gesti\u00f3n financiera y fiscal de la asociaci\u00f3n, adem\u00e1s de encargarse de las relaciones con las instituciones colaboradoras. Tambi\u00e9n es responsable de la organizaci\u00f3n de eventos y de las relaciones externas.&lt;\/p&gt;\n&lt;p style=&quot;text-align: justify;&quot;&gt;Asimismo, garantiza una gesti\u00f3n eficaz de los recursos y trabaja en la optimizaci\u00f3n de los procesos internos, contribuyendo a la eficiencia operativa de la organizaci\u00f3n.&lt;\/p&gt;\n&lt;p style=&quot;text-align: justify;&quot;&gt;Con m\u00e1s de 20 a\u00f1os de experiencia en administraci\u00f3n y asistencia ejecutiva, adquirida en diversas empresas, incluido un OEM, Virginie aporta una s\u00f3lida experiencia y una visi\u00f3n estrat\u00e9gica a su funci\u00f3n.&lt;\/p&gt;\n\">saber m\u00e1s\n\n\n\n\n                            <\/a>\n\n                        <\/div>\n                    <\/div>\n                <\/div>\n                            <div class=\"col-md-custom\">\n                    <div class=\"card-membre\">\n                        <div class=\"image\">\n                            <img decoding=\"async\" src=\"https:\/\/www.iatf-france.fr\/wp-content\/uploads\/2026\/01\/2-Giulio-FUSCO-scaled-e1770292954822.jpg\" alt=\"\">\n                        <\/div>\n                        <div class=\"info\">\n                            <img decoding=\"async\" class=\"icon\" src=\"https:\/\/www.iatf-france.fr\/wp-content\/uploads\/2025\/11\/Groupe-163612.png\">\n                            <h3 class=\"nom\">Giulio <\/br>FUSCO<\/h3>\n                            <p class=\"poste\">Certification Body Program Manager<\/p>\n                            <a href=\"#\" class=\"btn-modal-membre\"\n                                data-image=\"https:\/\/www.iatf-france.fr\/wp-content\/uploads\/2026\/01\/2-Giulio-FUSCO-scaled-e1770292954822.jpg\"\n                                data-alt=\"\"\n                                data-nom=\"Giulio &lt;\/br&gt;FUSCO\"\n                                data-pays=\"https:\/\/www.iatf-france.fr\/wp-content\/uploads\/2025\/11\/Groupe-163612.png\"\n                                data-job=\"Certification Body Program Manager\"\n                                data-details=\"\"\n                                data-texte=\"&lt;p style=&quot;text-align: justify;&quot;&gt;Giulio FUSCO se uni\u00f3 a IATF France en septiembre de 2022 como Encargado de la Supervisi\u00f3n de los Organismos de Certificaci\u00f3n, contribuye activamente al an\u00e1lisis del desempe\u00f1o de los organismos de certificaci\u00f3n (OCs), a la gesti\u00f3n del programa de auditor\u00edas Testigo (Witness) y al mantenimiento de la integridad del esquema IATF.&lt;\/p&gt;\n&lt;p style=&quot;text-align: justify;&quot;&gt;Con m\u00e1s de 25 a\u00f1os de experiencia en el \u00e1mbito de la Calidad Automotriz, abarcando auditor\u00edas de primera, segunda y tercera parte, Giulio ha trabajado con OEMs globales, proveedores de nivel 1 (Tier 1) y OCs. Ha ocupado cargos como Consultor, Gerente de Calidad e Ingeniero de Calidad de Proveedores (SQE), especializ\u00e1ndose en materias primas qu\u00edmicas y met\u00e1licas, lo que le ha permitido adquirir una perspectiva completa sobre todos los aspectos del SGC automotriz. Actualmente, aprovecha esta vasta experiencia para fortalecer el esquema IATF, colaborando estrechamente con los OCs para asegurar la eficacia y el cumplimiento de los procesos de certificaci\u00f3n.&lt;\/p&gt;\n&lt;p class=&quot;s4&quot; style=&quot;text-align: justify;&quot;&gt;\n\">saber m\u00e1s\n\n\n\n\n                            <\/a>\n\n                        <\/div>\n                    <\/div>\n                <\/div>\n                            <div class=\"col-md-custom\">\n                    <div class=\"card-membre\">\n                        <div class=\"image\">\n                            <img decoding=\"async\" src=\"https:\/\/www.iatf-france.fr\/wp-content\/uploads\/2026\/02\/Image-colllaboratrice2.png\" alt=\"\">\n                        <\/div>\n                        <div class=\"info\">\n                            <img decoding=\"async\" class=\"icon\" src=\"https:\/\/www.iatf-france.fr\/wp-content\/uploads\/2025\/11\/Groupe-163613.png\">\n                            <h3 class=\"nom\">Khaoula <\/br>JAOUANI<\/h3>\n                            <p class=\"poste\">Initiative Program Manager<\/p>\n                            <a href=\"#\" class=\"btn-modal-membre\"\n                                data-image=\"https:\/\/www.iatf-france.fr\/wp-content\/uploads\/2026\/02\/Image-colllaboratrice2.png\"\n                                data-alt=\"\"\n                                data-nom=\"Khaoula &lt;\/br&gt;JAOUANI\"\n                                data-pays=\"https:\/\/www.iatf-france.fr\/wp-content\/uploads\/2025\/11\/Groupe-163613.png\"\n                                data-job=\"Initiative Program Manager\"\n                                data-details=\"\"\n                                data-texte=\"&lt;p style=&quot;text-align: justify;&quot;&gt;Khaoula JAOUANI se incorpor\u00f3 a IATF Francia en marzo de 2024, contribuyendo al an\u00e1lisis del desempe\u00f1o de los organismos de certificaci\u00f3n, a la gesti\u00f3n de datos y al apoyo de las solicitudes de los OEM en nombre de la asociaci\u00f3n. Tambi\u00e9n participa en las actividades de supervisi\u00f3n, en la comunicaci\u00f3n y en los grupos de trabajo de la IATF.&lt;\/p&gt;\n&lt;p style=&quot;text-align: justify;&quot;&gt;Con m\u00e1s de siete a\u00f1os de experiencia en la industria automotriz, Khaoula ha ocupado puestos dentro de proveedores de nivel 1 y nivel 2, lo que le ha permitido adquirir una s\u00f3lida experiencia en los procesos de calidad, la gesti\u00f3n de proyectos y los requisitos de los clientes. Actualmente aplica estas competencias al desarrollo y al mantenimiento de la integridad del esquema IATF, trabajando en estrecha colaboraci\u00f3n con las partes interesadas, los fabricantes (OEM) y los organismos de certificaci\u00f3n&lt;strong&gt;.&lt;\/strong&gt;&lt;\/p&gt;\n\">saber m\u00e1s\n\n\n\n\n                            <\/a>\n\n                        <\/div>\n                    <\/div>\n                <\/div>\n                            <div class=\"col-md-custom\">\n                    <div class=\"card-membre\">\n                        <div class=\"image\">\n                            <img decoding=\"async\" src=\"https:\/\/www.iatf-france.fr\/wp-content\/uploads\/2025\/12\/3-Javier-FERNANDEZ-VEIGA-e1764934383637.jpg\" alt=\"\">\n                        <\/div>\n                        <div class=\"info\">\n                            <img decoding=\"async\" class=\"icon\" src=\"https:\/\/www.iatf-france.fr\/wp-content\/uploads\/2025\/12\/ES-1.png\">\n                            <h3 class=\"nom\">Javier <\/br>FERNANDEZ VEIGA<\/h3>\n                            <p class=\"poste\">Technical Project Manager<\/p>\n                            <a href=\"#\" class=\"btn-modal-membre\"\n                                data-image=\"https:\/\/www.iatf-france.fr\/wp-content\/uploads\/2025\/12\/3-Javier-FERNANDEZ-VEIGA-e1764934383637.jpg\"\n                                data-alt=\"\"\n                                data-nom=\"Javier &lt;\/br&gt;FERNANDEZ VEIGA\"\n                                data-pays=\"https:\/\/www.iatf-france.fr\/wp-content\/uploads\/2025\/12\/ES-1.png\"\n                                data-job=\"Technical Project Manager\"\n                                data-details=\"\"\n                                data-texte=\"&lt;p style=&quot;text-align: justify;&quot;&gt;Ingeniero T\u00e9cnico Industrial con m\u00e1s de 25 a\u00f1os de experiencia dedicada \u00edntegramente a la industria de la automoci\u00f3n. Desde enero de 2025 forma parte de IATF France, donde participa en distintos grupos de trabajo para la mejora del esquema IATF 16949. Representa a IATF France en la Comisi\u00f3n de Formaci\u00f3n de Auditores de 3\u00aa parte de IATF Global y act\u00faa como enlace clave con las partes interesadas de la Pen\u00ednsula Ib\u00e9rica, incluyendo asociaciones de calidad y de fabricantes de la cadena de suministro.&lt;\/p&gt;\n&lt;p style=&quot;text-align: justify;&quot;&gt;Antes de incorporarse a IATF France, desarroll\u00f3 una s\u00f3lida trayectoria en la industria. Inici\u00f3 su carrera en el \u00e1rea de producci\u00f3n de una planta OEM, para pasar despu\u00e9s a liderar la gesti\u00f3n de un sistema de calidad IATF 16949 en un proveedor Tier 1. Posteriormente, durante 11 a\u00f1os ejerci\u00f3 como auditor IATF de 3\u00aa parte en varios organismos de certificaci\u00f3n, adem\u00e1s de trabajar como supervisor interno de auditores IATF, consultor y formador especializado.&lt;\/p&gt;\n\">saber m\u00e1s\n\n\n\n\n                            <\/a>\n\n                        <\/div>\n                    <\/div>\n                <\/div>\n                    <\/div>\n    <\/div>\n\n    <!-- Modal -->\n    <div class=\"modal-membre\" id=\"modalMembre\">\n        <div class=\"modal-overlay\"><\/div>\n        <div class=\"modal-content\">\n            <button class=\"modal-close\">\n                <svg xmlns=\"http:\/\/www.w3.org\/2000\/svg\" width=\"13.06\" height=\"13.06\" viewBox=\"0 0 13.06 13.06\">\n                    <path id=\"Trac\u00e9_103742\" data-name=\"Trac\u00e9 103742\" d=\"M17.47,18.53,22.94,24,24,22.94l-5.47-5.47L24,12l-1.06-1.06-5.47,5.47L12,10.94,10.94,12l5.47,5.47-5.47,5.47L12,24Z\" transform=\"translate(-10.94 -10.94)\" fill-rule=\"evenodd\" \/>\n                <\/svg>\n            <\/button>\n            <div class=\"row justify-content\">\n                <div class=\"col-12 col-md-5 justify-items-center \">\n                    <div class=\"image\">\n                        <img decoding=\"async\" src=\"\" alt=\"\" id=\"modalMembreImage\">\n                    <\/div>\n                <\/div>\n                <div class=\"col-12 col-md-6\">\n                    <div class=\"details\">\n                        <div class=\"pays-container\">\n                            <img decoding=\"async\" class=\"icon-pays\" src=\"\" alt=\"Pays\" id=\"modalMembrePays\">\n                        <\/div>\n                        <h3 id=\"modalMembreNom\"><\/h3>\n                        <p class=\"job\" id=\"modalMembreJob\"><\/p>\n                        <div class=\"description\" id=\"modalMembreDetails\"><\/div>\n                        <div class=\"texte\" id=\"modalMembreTexte\"><\/div>\n                    <\/div>\n                <\/div>\n            <\/div>\n        <\/div>\n    <\/div>\n<\/section>\n\n<script>\n    document.addEventListener('DOMContentLoaded', function() {\n        const modal = document.getElementById('modalMembre');\n        const modalImage = document.getElementById('modalMembreImage');\n        const btnOpenModal = document.querySelectorAll('.btn-modal-membre');\n        const btnCloseModal = document.querySelector('.modal-close');\n        const overlay = document.querySelector('.modal-overlay');\n\n        btnOpenModal.forEach(btn => {\n            btn.addEventListener('click', function(e) {\n                e.preventDefault();\n                const imageUrl = this.getAttribute('data-image');\n                const imageAlt = this.getAttribute('data-alt');\n                const nom = this.getAttribute('data-nom');\n                const pays = this.getAttribute('data-pays');\n                const job = this.getAttribute('data-job');\n                const details = this.getAttribute('data-details');\n                const texte = this.getAttribute('data-texte');\n\n                modalImage.src = imageUrl;\n                modalImage.alt = imageAlt;\n                document.getElementById('modalMembreNom').innerHTML = nom;\n                document.getElementById('modalMembrePays').src = pays;\n                document.getElementById('modalMembreJob').innerHTML = job;\n                document.getElementById('modalMembreDetails').innerHTML = details;\n                document.getElementById('modalMembreTexte').innerHTML = texte;\n\n                modal.classList.add('active');\n            });\n        });\n\n        function closeModal() {\n            modal.classList.remove('active');\n        }\n\n        btnCloseModal.addEventListener('click', closeModal);\n        overlay.addEventListener('click', closeModal);\n\n        document.addEventListener('keydown', function(e) {\n            if (e.key === 'Escape' && modal.classList.contains('active')) {\n                closeModal();\n            }\n        });\n    });\n<\/script>","protected":false},"excerpt":{"rendered":"","protected":false},"author":1,"featured_media":0,"parent":0,"menu_order":1,"comment_status":"closed","ping_status":"closed","template":"","meta":{"_acf_changed":false,"inline_featured_image":false,"footnotes":""},"class_list":["post-2667","page","type-page","status-publish","hentry"],"acf":[],"yoast_head":"<!-- This site is optimized with the Yoast SEO plugin v27.1.1 - https:\/\/yoast.com\/product\/yoast-seo-wordpress\/ -->\n<title>Sobre IATF France - IATF France<\/title>\n<meta name=\"robots\" content=\"index, follow, max-snippet:-1, max-image-preview:large, max-video-preview:-1\" \/>\n<link rel=\"canonical\" href=\"https:\/\/www.iatf-france.fr\/es\/a-propos-de-iatf-france\/\" \/>\n<meta property=\"og:locale\" content=\"es_ES\" \/>\n<meta property=\"og:type\" content=\"article\" \/>\n<meta property=\"og:title\" content=\"Sobre IATF France - IATF France\" \/>\n<meta property=\"og:url\" content=\"https:\/\/www.iatf-france.fr\/es\/a-propos-de-iatf-france\/\" \/>\n<meta property=\"og:site_name\" content=\"IATF France\" \/>\n<meta property=\"article:modified_time\" content=\"2026-02-19T13:22:04+00:00\" \/>\n<meta name=\"twitter:card\" content=\"summary_large_image\" \/>\n<script type=\"application\/ld+json\" class=\"yoast-schema-graph\">{\"@context\":\"https:\/\/schema.org\",\"@graph\":[{\"@type\":\"WebPage\",\"@id\":\"https:\/\/www.iatf-france.fr\/es\/a-propos-de-iatf-france\/\",\"url\":\"https:\/\/www.iatf-france.fr\/es\/a-propos-de-iatf-france\/\",\"name\":\"Sobre IATF France - IATF France\",\"isPartOf\":{\"@id\":\"https:\/\/www.iatf-france.fr\/es\/#website\"},\"datePublished\":\"2025-02-04T14:03:33+00:00\",\"dateModified\":\"2026-02-19T13:22:04+00:00\",\"breadcrumb\":{\"@id\":\"https:\/\/www.iatf-france.fr\/es\/a-propos-de-iatf-france\/#breadcrumb\"},\"inLanguage\":\"es\",\"potentialAction\":[{\"@type\":\"ReadAction\",\"target\":[\"https:\/\/www.iatf-france.fr\/es\/a-propos-de-iatf-france\/\"]}]},{\"@type\":\"BreadcrumbList\",\"@id\":\"https:\/\/www.iatf-france.fr\/es\/a-propos-de-iatf-france\/#breadcrumb\",\"itemListElement\":[{\"@type\":\"ListItem\",\"position\":1,\"name\":\"Bienvenido\",\"item\":\"https:\/\/www.iatf-france.fr\/es\/\"},{\"@type\":\"ListItem\",\"position\":2,\"name\":\"Sobre IATF France\"}]},{\"@type\":\"WebSite\",\"@id\":\"https:\/\/www.iatf-france.fr\/es\/#website\",\"url\":\"https:\/\/www.iatf-france.fr\/es\/\",\"name\":\"IATF France\",\"description\":\"\",\"potentialAction\":[{\"@type\":\"SearchAction\",\"target\":{\"@type\":\"EntryPoint\",\"urlTemplate\":\"https:\/\/www.iatf-france.fr\/es\/?s={search_term_string}\"},\"query-input\":{\"@type\":\"PropertyValueSpecification\",\"valueRequired\":true,\"valueName\":\"search_term_string\"}}],\"inLanguage\":\"es\"}]}<\/script>\n<!-- \/ Yoast SEO plugin. -->","yoast_head_json":{"title":"Sobre IATF France - IATF France","robots":{"index":"index","follow":"follow","max-snippet":"max-snippet:-1","max-image-preview":"max-image-preview:large","max-video-preview":"max-video-preview:-1"},"canonical":"https:\/\/www.iatf-france.fr\/es\/a-propos-de-iatf-france\/","og_locale":"es_ES","og_type":"article","og_title":"Sobre IATF France - IATF France","og_url":"https:\/\/www.iatf-france.fr\/es\/a-propos-de-iatf-france\/","og_site_name":"IATF France","article_modified_time":"2026-02-19T13:22:04+00:00","twitter_card":"summary_large_image","schema":{"@context":"https:\/\/schema.org","@graph":[{"@type":"WebPage","@id":"https:\/\/www.iatf-france.fr\/es\/a-propos-de-iatf-france\/","url":"https:\/\/www.iatf-france.fr\/es\/a-propos-de-iatf-france\/","name":"Sobre IATF France - IATF France","isPartOf":{"@id":"https:\/\/www.iatf-france.fr\/es\/#website"},"datePublished":"2025-02-04T14:03:33+00:00","dateModified":"2026-02-19T13:22:04+00:00","breadcrumb":{"@id":"https:\/\/www.iatf-france.fr\/es\/a-propos-de-iatf-france\/#breadcrumb"},"inLanguage":"es","potentialAction":[{"@type":"ReadAction","target":["https:\/\/www.iatf-france.fr\/es\/a-propos-de-iatf-france\/"]}]},{"@type":"BreadcrumbList","@id":"https:\/\/www.iatf-france.fr\/es\/a-propos-de-iatf-france\/#breadcrumb","itemListElement":[{"@type":"ListItem","position":1,"name":"Bienvenido","item":"https:\/\/www.iatf-france.fr\/es\/"},{"@type":"ListItem","position":2,"name":"Sobre IATF France"}]},{"@type":"WebSite","@id":"https:\/\/www.iatf-france.fr\/es\/#website","url":"https:\/\/www.iatf-france.fr\/es\/","name":"IATF France","description":"","potentialAction":[{"@type":"SearchAction","target":{"@type":"EntryPoint","urlTemplate":"https:\/\/www.iatf-france.fr\/es\/?s={search_term_string}"},"query-input":{"@type":"PropertyValueSpecification","valueRequired":true,"valueName":"search_term_string"}}],"inLanguage":"es"}]}},"_links":{"self":[{"href":"https:\/\/www.iatf-france.fr\/es\/wp-json\/wp\/v2\/pages\/2667","targetHints":{"allow":["GET"]}}],"collection":[{"href":"https:\/\/www.iatf-france.fr\/es\/wp-json\/wp\/v2\/pages"}],"about":[{"href":"https:\/\/www.iatf-france.fr\/es\/wp-json\/wp\/v2\/types\/page"}],"author":[{"embeddable":true,"href":"https:\/\/www.iatf-france.fr\/es\/wp-json\/wp\/v2\/users\/1"}],"replies":[{"embeddable":true,"href":"https:\/\/www.iatf-france.fr\/es\/wp-json\/wp\/v2\/comments?post=2667"}],"version-history":[{"count":58,"href":"https:\/\/www.iatf-france.fr\/es\/wp-json\/wp\/v2\/pages\/2667\/revisions"}],"predecessor-version":[{"id":4348,"href":"https:\/\/www.iatf-france.fr\/es\/wp-json\/wp\/v2\/pages\/2667\/revisions\/4348"}],"wp:attachment":[{"href":"https:\/\/www.iatf-france.fr\/es\/wp-json\/wp\/v2\/media?parent=2667"}],"curies":[{"name":"wp","href":"https:\/\/api.w.org\/{rel}","templated":true}]}}